{"id":1959,"date":"2024-06-12T20:19:31","date_gmt":"2024-06-12T20:19:31","guid":{"rendered":"https:\/\/dantepraga.cz\/?page_id=1959"},"modified":"2024-08-27T11:37:55","modified_gmt":"2024-08-27T11:37:55","slug":"gdpr","status":"publish","type":"page","link":"https:\/\/dantepraga.cz\/it\/gdpr\/","title":{"rendered":"GDPR"},"content":{"rendered":"<div data-elementor-type=\"wp-page\" data-elementor-id=\"1959\" class=\"elementor elementor-1959\" data-elementor-post-type=\"page\">\n\t\t\t\t<div class=\"elementor-element elementor-element-adc2886 e-con-full e-flex e-con e-parent\" data-id=\"adc2886\" data-element_type=\"container\">\n\t\t<div class=\"elementor-element elementor-element-3705db0 e-flex e-con-boxed e-con e-child\" data-id=\"3705db0\" data-element_type=\"container\" id=\"gdpr-content\">\n\t\t\t\t\t<div class=\"e-con-inner\">\n\t\t\t\t<div class=\"elementor-element elementor-element-6967d5d elementor-widget elementor-widget-heading\" data-id=\"6967d5d\" data-element_type=\"widget\" data-widget_type=\"heading.default\">\n\t\t\t\t<div class=\"elementor-widget-container\">\n\t\t\t<h1 class=\"elementor-heading-title elementor-size-default\">Avviso sul trattamento dei dati personali degli studenti<\/h1>\t\t<\/div>\n\t\t\t\t<\/div>\n\t\t\t\t<div class=\"elementor-element elementor-element-5b9daf1 elementor-widget elementor-widget-heading\" data-id=\"5b9daf1\" data-element_type=\"widget\" data-widget_type=\"heading.default\">\n\t\t\t\t<div class=\"elementor-widget-container\">\n\t\t\t<h2 class=\"elementor-heading-title elementor-size-default\">TITOLARE DEL TRATTAMENTO DEI DATI PERSONALI<\/h2>\t\t<\/div>\n\t\t\t\t<\/div>\n\t\t\t\t<div class=\"elementor-element elementor-element-732d291 elementor-widget elementor-widget-text-editor\" data-id=\"732d291\" data-element_type=\"widget\" data-widget_type=\"text-editor.default\">\n\t\t\t\t<div class=\"elementor-widget-container\">\n\t\t\t\t\t\t\t<p>Il titolare del trattamento dei dati personali \u00e8 la Societ\u00e0 Dante Alighieri, o.s., Pod Dl\u00e1\u017ed\u011bnkou 4, Praga 8, C.F. 26989263, iscritta presso il Tribunale Municipale di Praga con la registrazione U501 (di seguito \"titolare\").<\/p>\t\t\t\t\t\t<\/div>\n\t\t\t\t<\/div>\n\t\t\t\t<div class=\"elementor-element elementor-element-5b3ade8 elementor-widget elementor-widget-heading\" data-id=\"5b3ade8\" data-element_type=\"widget\" data-widget_type=\"heading.default\">\n\t\t\t\t<div class=\"elementor-widget-container\">\n\t\t\t<h2 class=\"elementor-heading-title elementor-size-default\">DATI PERSONALI DEGLI INTERESSATI<\/h2>\t\t<\/div>\n\t\t\t\t<\/div>\n\t\t\t\t<div class=\"elementor-element elementor-element-ca4bfb2 elementor-widget elementor-widget-text-editor\" data-id=\"ca4bfb2\" data-element_type=\"widget\" data-widget_type=\"text-editor.default\">\n\t\t\t\t<div class=\"elementor-widget-container\">\n\t\t\t\t\t\t\t<p>Il titolare tratta i dati personali di tutti gli interessati in conformit\u00e0 al Regolamento (UE) 2016\/679 del Parlamento Europeo e del Consiglio del 27 aprile 2016, relativo alla protezione delle persone fisiche con riguardo al trattamento dei dati personali e alla libera circolazione di tali dati, e che abroga la Direttiva 95\/46\/CE (di seguito \"Regolamento GDPR\") e in conformit\u00e0 ad altre normative correlate.\n\nQuesto avviso si applica a tutti i dati personali degli attuali e degli ex studenti che il titolare raccoglie, utilizza, pubblica o conserva.\n\nIl titolare tratta i seguenti dati personali degli interessati:\n<ul>\n \t<li>Nome e cognome<\/li>\n \t<li>Cognome precedente<\/li>\n \t<li>Luogo di nascita<\/li>\n \t<li>Data di nascita<\/li>\n \t<li>Indirizzo di residenza permanente<\/li>\n \t<li>Indirizzo di residenza precedente\/Indirizzo di contatto<\/li>\n \t<li>Numero di telefono<\/li>\n \t<li>Indirizzo e-mail<\/li>\n \t<li>Numero di conto bancario<\/li>\n \t<li>Titolo di studio<\/li>\n \t<li>Professione<\/li>\n \t<li>Dati contenuti nelle richieste di borsa di studio<\/li>\n<\/ul>\n<\/p>\t\t\t\t\t\t<\/div>\n\t\t\t\t<\/div>\n\t\t\t\t<div class=\"elementor-element elementor-element-70396b1 elementor-widget elementor-widget-heading\" data-id=\"70396b1\" data-element_type=\"widget\" data-widget_type=\"heading.default\">\n\t\t\t\t<div class=\"elementor-widget-container\">\n\t\t\t<h2 class=\"elementor-heading-title elementor-size-default\">FINALIT\u00c0 DEL TRATTAMENTO DEI DATI PERSONALI DEGLI INTERESSATI<\/h2>\t\t<\/div>\n\t\t\t\t<\/div>\n\t\t\t\t<div class=\"elementor-element elementor-element-4ba27d0 elementor-widget elementor-widget-text-editor\" data-id=\"4ba27d0\" data-element_type=\"widget\" data-widget_type=\"text-editor.default\">\n\t\t\t\t<div class=\"elementor-widget-container\">\n\t\t\t\t\t\t\t<p>Il titolare raccoglie, utilizza, trasferisce e conserva i dati personali esclusivamente per i seguenti scopi:\n<ul>\n \t<li>Gestione delle attivit\u00e0 organizzative<\/li>\n \t<li>Gestione delle questioni accademiche<\/li>\n \t<li>Facilitare la comunicazione con gli studenti e garantire la continuit\u00e0 operativa<\/li>\n \t<li>Adempimento degli obblighi legali e di altro tipo, inclusa la presentazione di report alle autorit\u00e0 statali, cooperazione con i controlli delle autorit\u00e0 statali o soddisfacimento di altre richieste delle autorit\u00e0 o enti pubblici della Repubblica Ceca<\/li>\n \t<li>I dati personali raccolti dal titolare devono essere raccolti o per adempiere agli obblighi legali a cui \u00e8 soggetto, o per adempiere agli obblighi del titolare derivanti da un contratto con lo studente.<\/li>\n<\/ul>\n<\/p>\t\t\t\t\t\t<\/div>\n\t\t\t\t<\/div>\n\t\t\t\t<div class=\"elementor-element elementor-element-c6a682f elementor-widget elementor-widget-heading\" data-id=\"c6a682f\" data-element_type=\"widget\" data-widget_type=\"heading.default\">\n\t\t\t\t<div class=\"elementor-widget-container\">\n\t\t\t<h2 class=\"elementor-heading-title elementor-size-default\">MODALIT\u00c0 DI TRATTAMENTO DEI DATI PERSONALI DEGLI INTERESSATI<\/h2>\t\t<\/div>\n\t\t\t\t<\/div>\n\t\t\t\t<div class=\"elementor-element elementor-element-cac03b5 elementor-widget elementor-widget-text-editor\" data-id=\"cac03b5\" data-element_type=\"widget\" data-widget_type=\"text-editor.default\">\n\t\t\t\t<div class=\"elementor-widget-container\">\n\t\t\t\t\t\t\t<p>La Societ\u00e0 Dante Alighieri, o.s. protegge rigorosamente i dati personali. Il trattamento avviene manualmente e tramite sistemi informatici elettronici che sono sottoposti a severi controlli fisici, tecnici e procedurali. Per garantire la sicurezza dei dati, l'organizzazione ha implementato meccanismi di sicurezza che comprendono misure tecniche, organizzative e personali. L'organizzazione non utilizza decisioni automatizzate n\u00e9 profilazione durante il trattamento dei dati personali.\n<\/p>\t\t\t\t\t\t<\/div>\n\t\t\t\t<\/div>\n\t\t\t\t<div class=\"elementor-element elementor-element-60ca692 elementor-widget elementor-widget-heading\" data-id=\"60ca692\" data-element_type=\"widget\" data-widget_type=\"heading.default\">\n\t\t\t\t<div class=\"elementor-widget-container\">\n\t\t\t<h2 class=\"elementor-heading-title elementor-size-default\">Esternalizzatori e destinatari dei dati personali dei soggetti<\/h2>\t\t<\/div>\n\t\t\t\t<\/div>\n\t\t\t\t<div class=\"elementor-element elementor-element-a975a31 elementor-widget elementor-widget-text-editor\" data-id=\"a975a31\" data-element_type=\"widget\" data-widget_type=\"text-editor.default\">\n\t\t\t\t<div class=\"elementor-widget-container\">\n\t\t\t\t\t\t\t<p>La Societ\u00e0 Dante Alighieri, o.s. utilizza servizi specializzati e professionali di terzi per il trattamento dei dati personali, che trattano i dati personali solo secondo le istruzioni del titolare e non possono utilizzarli diversamente. Con ciascuno di questi soggetti viene stipulato un contratto di trattamento dei dati personali che stabilisce gli obblighi del responsabile per la protezione e la sicurezza dei dati personali. I responsabili del trattamento sono le seguenti aziende:<\/p>\n<ul>\n \t<li>Organizzazioni di servizi IT che forniscono supporto HW e SW<\/li>\n \t<li>Editoria e studi grafici<\/li>\n<\/ul>\n<p>Nel corso dell'adempimento dei propri obblighi legali, il titolare pu\u00f2 inoltre trasferire i dati personali ad autorit\u00e0 amministrative e uffici stabiliti dalla legislazione vigente.<\/p>\t\t\t\t\t\t<\/div>\n\t\t\t\t<\/div>\n\t\t\t\t<div class=\"elementor-element elementor-element-f941e95 elementor-widget elementor-widget-heading\" data-id=\"f941e95\" data-element_type=\"widget\" data-widget_type=\"heading.default\">\n\t\t\t\t<div class=\"elementor-widget-container\">\n\t\t\t<h2 class=\"elementor-heading-title elementor-size-default\">DIRITTI DEGLI INTERESSATI AI DATI PERSONALI<\/h2>\t\t<\/div>\n\t\t\t\t<\/div>\n\t\t\t\t<div class=\"elementor-element elementor-element-bee2dd1 elementor-widget elementor-widget-text-editor\" data-id=\"bee2dd1\" data-element_type=\"widget\" data-widget_type=\"text-editor.default\">\n\t\t\t\t<div class=\"elementor-widget-container\">\n\t\t\t\t\t\t\t<p>Ai sensi del Regolamento GDPR, gli interessati \u2013 studenti \u2013 hanno i seguenti diritti:\n<ul>\n \t<li>Diritto di accesso ai dati personali (art. 15)<\/li>\n \t<li>Diritto di rettifica (art. 16)<\/li>\n \t<li>Diritto alla cancellazione (art. 17)<\/li>\n \t<li>Diritto di limitazione del trattamento (art. 18)<\/li>\n \t<li>Diritto alla portabilit\u00e0 dei dati (art. 20)<\/li>\n \t<li>Diritto di opposizione (art. 21)<\/li>\n \t<li>Diritto di proporre reclamo all'autorit\u00e0 di controllo (art. 15)<\/li>\n<\/ul>\n<\/p>\t\t\t\t\t\t<\/div>\n\t\t\t\t<\/div>\n\t\t\t\t<div class=\"elementor-element elementor-element-3ead8d7 elementor-widget elementor-widget-heading\" data-id=\"3ead8d7\" data-element_type=\"widget\" data-widget_type=\"heading.default\">\n\t\t\t\t<div class=\"elementor-widget-container\">\n\t\t\t<h2 class=\"elementor-heading-title elementor-size-default\">DIRITTI DEGLI INTERESSATI AI DATI PERSONALI<\/h2>\t\t<\/div>\n\t\t\t\t<\/div>\n\t\t\t\t<div class=\"elementor-element elementor-element-22dba70 elementor-widget elementor-widget-text-editor\" data-id=\"22dba70\" data-element_type=\"widget\" data-widget_type=\"text-editor.default\">\n\t\t\t\t<div class=\"elementor-widget-container\">\n\t\t\t\t\t\t\t<p>Per domande, richieste, opposizioni o reclami relativi al trattamento e alla protezione dei dati personali, \u00e8 possibile contattare il Responsabile della protezione dei dati (DPO). La persona di contatto per questioni relative a questo argomento \u00e8 stata designata nella persona di Monia Ribarova Camuglia. <a href=\"mailto:presidente@dantepraga.cz\">presidente@dantepraga.cz<\/a><\/p>\t\t\t\t\t\t<\/div>\n\t\t\t\t<\/div>\n\t\t\t\t\t<\/div>\n\t\t\t\t<\/div>\n\t\t\t\t<\/div>\n\t\t\t\t<\/div>","protected":false},"excerpt":{"rendered":"<p>Ozn\u00e1men\u00ed o zpracov\u00e1n\u00ed osobn\u00edch \u00fadaj\u016f studuj\u00edc\u00edch SPR\u00c1VCE OSOBN\u00cdCH \u00daDAJ\u016e Spr\u00e1vcem osobn\u00edch \u00fadaj\u016f je Societ\u00e0 Dante Alighieri, o.s., Pod Dl\u00e1\u017ed\u011bnkou 4., Prague 8, I\u010cO 26989263, veden\u00e1 u M\u011bstsk\u00e9ho soudu v Praze pod zna\u010dkou U501, (d\u00e1le jen spr\u00e1vce). OSOBN\u00cd \u00daDAJE SUBJEKT\u016e Spr\u00e1vce zpracov\u00e1v\u00e1 osobn\u00ed \u00fadaje v\u0161ech subjekt\u016f v souladu s Na\u0159\u00edzen\u00edm Evropsk\u00e9ho parlamentu a Rady (EU) 2016\/679 [&hellip;]<\/p>","protected":false},"author":3,"featured_media":0,"parent":0,"menu_order":0,"comment_status":"closed","ping_status":"closed","template":"","meta":{"footnotes":""},"class_list":["post-1959","page","type-page","status-publish","hentry","entry"],"yoast_head":"<!-- This site is optimized with the Yoast SEO plugin v26.8 - https:\/\/yoast.com\/product\/yoast-seo-wordpress\/ -->\n<title>GDPR - Dante Praga<\/title>\n<meta name=\"robots\" content=\"index, follow, max-snippet:-1, max-image-preview:large, max-video-preview:-1\" \/>\n<link rel=\"canonical\" href=\"https:\/\/dantepraga.cz\/it\/gdpr\/\" \/>\n<meta property=\"og:locale\" content=\"it_IT\" \/>\n<meta property=\"og:type\" content=\"article\" \/>\n<meta property=\"og:title\" content=\"GDPR - Dante Praga\" \/>\n<meta property=\"og:description\" content=\"Ozn\u00e1men\u00ed o zpracov\u00e1n\u00ed osobn\u00edch \u00fadaj\u016f studuj\u00edc\u00edch SPR\u00c1VCE OSOBN\u00cdCH \u00daDAJ\u016e Spr\u00e1vcem osobn\u00edch \u00fadaj\u016f je Societ\u00e0 Dante Alighieri, o.s., Pod Dl\u00e1\u017ed\u011bnkou 4., Prague 8, I\u010cO 26989263, veden\u00e1 u M\u011bstsk\u00e9ho soudu v Praze pod zna\u010dkou U501, (d\u00e1le jen spr\u00e1vce). OSOBN\u00cd \u00daDAJE SUBJEKT\u016e Spr\u00e1vce zpracov\u00e1v\u00e1 osobn\u00ed \u00fadaje v\u0161ech subjekt\u016f v souladu s Na\u0159\u00edzen\u00edm Evropsk\u00e9ho parlamentu a Rady (EU) 2016\/679 [&hellip;]\" \/>\n<meta property=\"og:url\" content=\"https:\/\/dantepraga.cz\/it\/gdpr\/\" \/>\n<meta property=\"og:site_name\" content=\"Dante Praga\" \/>\n<meta property=\"article:publisher\" content=\"https:\/\/www.facebook.com\/dantealighieripraga\/\" \/>\n<meta property=\"article:modified_time\" content=\"2024-08-27T11:37:55+00:00\" \/>\n<meta name=\"twitter:card\" content=\"summary_large_image\" \/>\n<meta name=\"twitter:label1\" content=\"Tempo di lettura stimato\" \/>\n\t<meta name=\"twitter:data1\" content=\"3 minuti\" \/>\n<script type=\"application\/ld+json\" class=\"yoast-schema-graph\">{\"@context\":\"https:\/\/schema.org\",\"@graph\":[{\"@type\":\"WebPage\",\"@id\":\"https:\/\/dantepraga.cz\/gdpr\/\",\"url\":\"https:\/\/dantepraga.cz\/gdpr\/\",\"name\":\"GDPR - Dante Praga\",\"isPartOf\":{\"@id\":\"https:\/\/dantepraga.cz\/#website\"},\"datePublished\":\"2024-06-12T20:19:31+00:00\",\"dateModified\":\"2024-08-27T11:37:55+00:00\",\"breadcrumb\":{\"@id\":\"https:\/\/dantepraga.cz\/gdpr\/#breadcrumb\"},\"inLanguage\":\"it-IT\",\"potentialAction\":[{\"@type\":\"ReadAction\",\"target\":[\"https:\/\/dantepraga.cz\/gdpr\/\"]}]},{\"@type\":\"BreadcrumbList\",\"@id\":\"https:\/\/dantepraga.cz\/gdpr\/#breadcrumb\",\"itemListElement\":[{\"@type\":\"ListItem\",\"position\":1,\"name\":\"Home\",\"item\":\"https:\/\/dantepraga.cz\/\"},{\"@type\":\"ListItem\",\"position\":2,\"name\":\"GDPR\"}]},{\"@type\":\"WebSite\",\"@id\":\"https:\/\/dantepraga.cz\/#website\",\"url\":\"https:\/\/dantepraga.cz\/\",\"name\":\"Dante Praga\",\"description\":\"\",\"publisher\":{\"@id\":\"https:\/\/dantepraga.cz\/#organization\"},\"alternateName\":\"SOCIET\u00c0 DANTE ALIGHIERI\",\"potentialAction\":[{\"@type\":\"SearchAction\",\"target\":{\"@type\":\"EntryPoint\",\"urlTemplate\":\"https:\/\/dantepraga.cz\/?s={search_term_string}\"},\"query-input\":{\"@type\":\"PropertyValueSpecification\",\"valueRequired\":true,\"valueName\":\"search_term_string\"}}],\"inLanguage\":\"it-IT\"},{\"@type\":\"Organization\",\"@id\":\"https:\/\/dantepraga.cz\/#organization\",\"name\":\"Dante Praga\",\"url\":\"https:\/\/dantepraga.cz\/\",\"logo\":{\"@type\":\"ImageObject\",\"inLanguage\":\"it-IT\",\"@id\":\"https:\/\/dantepraga.cz\/#\/schema\/logo\/image\/\",\"url\":\"https:\/\/dantepraga.cz\/wp-content\/uploads\/2025\/04\/cropped-logo-dantepraga-new.png\",\"contentUrl\":\"https:\/\/dantepraga.cz\/wp-content\/uploads\/2025\/04\/cropped-logo-dantepraga-new.png\",\"width\":400,\"height\":136,\"caption\":\"Dante Praga\"},\"image\":{\"@id\":\"https:\/\/dantepraga.cz\/#\/schema\/logo\/image\/\"},\"sameAs\":[\"https:\/\/www.facebook.com\/dantealighieripraga\/\"]}]}<\/script>\n<!-- \/ Yoast SEO plugin. -->","yoast_head_json":{"title":"GDPR - Dante Praga","robots":{"index":"index","follow":"follow","max-snippet":"max-snippet:-1","max-image-preview":"max-image-preview:large","max-video-preview":"max-video-preview:-1"},"canonical":"https:\/\/dantepraga.cz\/it\/gdpr\/","og_locale":"it_IT","og_type":"article","og_title":"GDPR - Dante Praga","og_description":"Ozn\u00e1men\u00ed o zpracov\u00e1n\u00ed osobn\u00edch \u00fadaj\u016f studuj\u00edc\u00edch SPR\u00c1VCE OSOBN\u00cdCH \u00daDAJ\u016e Spr\u00e1vcem osobn\u00edch \u00fadaj\u016f je Societ\u00e0 Dante Alighieri, o.s., Pod Dl\u00e1\u017ed\u011bnkou 4., Prague 8, I\u010cO 26989263, veden\u00e1 u M\u011bstsk\u00e9ho soudu v Praze pod zna\u010dkou U501, (d\u00e1le jen spr\u00e1vce). OSOBN\u00cd \u00daDAJE SUBJEKT\u016e Spr\u00e1vce zpracov\u00e1v\u00e1 osobn\u00ed \u00fadaje v\u0161ech subjekt\u016f v souladu s Na\u0159\u00edzen\u00edm Evropsk\u00e9ho parlamentu a Rady (EU) 2016\/679 [&hellip;]","og_url":"https:\/\/dantepraga.cz\/it\/gdpr\/","og_site_name":"Dante Praga","article_publisher":"https:\/\/www.facebook.com\/dantealighieripraga\/","article_modified_time":"2024-08-27T11:37:55+00:00","twitter_card":"summary_large_image","twitter_misc":{"Tempo di lettura stimato":"3 minuti"},"schema":{"@context":"https:\/\/schema.org","@graph":[{"@type":"WebPage","@id":"https:\/\/dantepraga.cz\/gdpr\/","url":"https:\/\/dantepraga.cz\/gdpr\/","name":"GDPR - Dante Praga","isPartOf":{"@id":"https:\/\/dantepraga.cz\/#website"},"datePublished":"2024-06-12T20:19:31+00:00","dateModified":"2024-08-27T11:37:55+00:00","breadcrumb":{"@id":"https:\/\/dantepraga.cz\/gdpr\/#breadcrumb"},"inLanguage":"it-IT","potentialAction":[{"@type":"ReadAction","target":["https:\/\/dantepraga.cz\/gdpr\/"]}]},{"@type":"BreadcrumbList","@id":"https:\/\/dantepraga.cz\/gdpr\/#breadcrumb","itemListElement":[{"@type":"ListItem","position":1,"name":"Home","item":"https:\/\/dantepraga.cz\/"},{"@type":"ListItem","position":2,"name":"GDPR"}]},{"@type":"WebSite","@id":"https:\/\/dantepraga.cz\/#website","url":"https:\/\/dantepraga.cz\/","name":"Dante Praga","description":"","publisher":{"@id":"https:\/\/dantepraga.cz\/#organization"},"alternateName":"SOCIET\u00c0 DANTE ALIGHIERI","potentialAction":[{"@type":"SearchAction","target":{"@type":"EntryPoint","urlTemplate":"https:\/\/dantepraga.cz\/?s={search_term_string}"},"query-input":{"@type":"PropertyValueSpecification","valueRequired":true,"valueName":"search_term_string"}}],"inLanguage":"it-IT"},{"@type":"Organization","@id":"https:\/\/dantepraga.cz\/#organization","name":"Dante Praga","url":"https:\/\/dantepraga.cz\/","logo":{"@type":"ImageObject","inLanguage":"it-IT","@id":"https:\/\/dantepraga.cz\/#\/schema\/logo\/image\/","url":"https:\/\/dantepraga.cz\/wp-content\/uploads\/2025\/04\/cropped-logo-dantepraga-new.png","contentUrl":"https:\/\/dantepraga.cz\/wp-content\/uploads\/2025\/04\/cropped-logo-dantepraga-new.png","width":400,"height":136,"caption":"Dante Praga"},"image":{"@id":"https:\/\/dantepraga.cz\/#\/schema\/logo\/image\/"},"sameAs":["https:\/\/www.facebook.com\/dantealighieripraga\/"]}]}},"_links":{"self":[{"href":"https:\/\/dantepraga.cz\/it\/wp-json\/wp\/v2\/pages\/1959","targetHints":{"allow":["GET"]}}],"collection":[{"href":"https:\/\/dantepraga.cz\/it\/wp-json\/wp\/v2\/pages"}],"about":[{"href":"https:\/\/dantepraga.cz\/it\/wp-json\/wp\/v2\/types\/page"}],"author":[{"embeddable":true,"href":"https:\/\/dantepraga.cz\/it\/wp-json\/wp\/v2\/users\/3"}],"replies":[{"embeddable":true,"href":"https:\/\/dantepraga.cz\/it\/wp-json\/wp\/v2\/comments?post=1959"}],"version-history":[{"count":1,"href":"https:\/\/dantepraga.cz\/it\/wp-json\/wp\/v2\/pages\/1959\/revisions"}],"predecessor-version":[{"id":6806,"href":"https:\/\/dantepraga.cz\/it\/wp-json\/wp\/v2\/pages\/1959\/revisions\/6806"}],"wp:attachment":[{"href":"https:\/\/dantepraga.cz\/it\/wp-json\/wp\/v2\/media?parent=1959"}],"curies":[{"name":"wp","href":"https:\/\/api.w.org\/{rel}","templated":true}]}}